{"id":569,"date":"2021-02-10T18:45:42","date_gmt":"2021-02-10T15:45:42","guid":{"rendered":"http:\/\/bilsar.com\/bilsart\/"},"modified":"2022-01-13T16:29:23","modified_gmt":"2022-01-13T13:29:23","slug":"bilsart","status":"publish","type":"page","link":"https:\/\/www.bilsar.com\/tr\/bilsart\/","title":{"rendered":"Bilsart"},"content":{"rendered":"<div class=\"fusion-fullwidth fullwidth-box fusion-builder-row-1 fusion-flex-container nonhundred-percent-fullwidth non-hundred-percent-height-scrolling\" style=\"--awb-border-radius-top-left:0px;--awb-border-radius-top-right:0px;--awb-border-radius-bottom-right:0px;--awb-border-radius-bottom-left:0px;--awb-flex-wrap:wrap;\" ><div class=\"fusion-builder-row fusion-row fusion-flex-align-items-flex-start fusion-flex-content-wrap\" style=\"max-width:104%;margin-left: calc(-4% \/ 2 );margin-right: calc(-4% \/ 2 );\"><div class=\"fusion-layout-column fusion_builder_column fusion-builder-column-0 fusion_builder_column_1_4 1_4 fusion-flex-column\" style=\"--awb-bg-size:cover;--awb-width-large:25%;--awb-margin-top-large:0px;--awb-spacing-right-large:7.68%;--awb-margin-bottom-large:20px;--awb-spacing-left-large:7.68%;--awb-width-medium:25%;--awb-order-medium:0;--awb-spacing-right-medium:7.68%;--awb-spacing-left-medium:7.68%;--awb-width-small:100%;--awb-order-small:0;--awb-spacing-right-small:1.92%;--awb-spacing-left-small:1.92%;\"><div class=\"fusion-column-wrapper fusion-column-has-shadow fusion-flex-justify-content-flex-start fusion-content-layout-column\"><\/div><\/div><div class=\"fusion-layout-column fusion_builder_column fusion-builder-column-1 fusion_builder_column_1_2 1_2 fusion-flex-column\" style=\"--awb-padding-right:15px;--awb-padding-left:15px;--awb-bg-size:cover;--awb-width-large:50%;--awb-margin-top-large:50px;--awb-spacing-right-large:3.84%;--awb-margin-bottom-large:50px;--awb-spacing-left-large:3.84%;--awb-width-medium:50%;--awb-order-medium:0;--awb-spacing-right-medium:3.84%;--awb-spacing-left-medium:3.84%;--awb-width-small:100%;--awb-order-small:0;--awb-spacing-right-small:1.92%;--awb-spacing-left-small:1.92%;\"><div class=\"fusion-column-wrapper fusion-column-has-shadow fusion-flex-justify-content-flex-start fusion-content-layout-column\"><div class=\"fusion-text fusion-text-1 fusion-no-small-visibility\" style=\"--awb-font-size:40px;--awb-text-color:#000000;--awb-text-font-family:&quot;Montserrat&quot;;--awb-text-font-style:normal;--awb-text-font-weight:400;\"><p class=\"divcenter bottommargin-sm regular h2-title mobil-title-margin\" style=\"text-align: center;\"><strong>V\u0130DEO SANATI ODAKLI \u00c7A\u011eDA\u015e SANAT MEK\u00c2NI<\/strong><\/p>\n<\/div><div class=\"fusion-text fusion-text-2 fusion-no-medium-visibility fusion-no-large-visibility\" style=\"--awb-font-size:25px;--awb-text-color:#000000;--awb-text-font-family:&quot;Montserrat&quot;;--awb-text-font-style:normal;--awb-text-font-weight:400;\"><p class=\"divcenter bottommargin-sm regular h2-title mobil-title-margin\" style=\"text-align: center;\"><strong>V\u0130DEO SANATI ODAKLI \u00c7A\u011eDA\u015e SANAT MEK\u00c2NI<\/strong><\/p>\n<\/div><div class=\"fusion-text fusion-text-3\" style=\"--awb-content-alignment:center;--awb-font-size:15px;--awb-text-color:#000000;\"><p>Bilsar, video sanat\u0131n\u0131n sergilenmesi i\u00e7in bir alan sa\u011flamak amac\u0131yla 2018 y\u0131l\u0131n\u0131n Ocak ay\u0131nda merkez binas\u0131n\u0131n garaj\u0131n\u0131 k\u00e2r amac\u0131 g\u00fctmeyen, video sanat\u0131na odaklanan bir sanat mek\u00e2n\u0131na d\u00f6n\u00fc\u015ft\u00fcrd\u00fc.<\/p>\n<p>2018 y\u0131l\u0131ndan bu yana Bilsart, hem gen\u00e7 hem de deneyimli sanat\u00e7\u0131lar\u0131n \u00e7a\u011fda\u015f video sanat\u0131 \u00fcretimlerini her 15 g\u00fcnde bir de\u011fi\u015fen bir programla sunmaktad\u0131r. Bu program, her sergide tek bir i\u015f g\u00f6sterme ilkesine dayanmaktad\u0131r. Bilsart\u2019\u0131n bu alana odaklanan bir kitapl\u0131\u011f\u0131 da bulunmaktad\u0131r.<\/p>\n<p>Bilsart, bu dinamik sergi program\u0131 kapsam\u0131nda koleksiyoner se\u00e7kilerini, k\u00fcrat\u00f6ryel projeleri, sanat kurulu\u015flar\u0131\/galerileriyle birlikte d\u00fczenlenen sergileri ve di\u011fer \u00e7a\u011fda\u015f sanat disiplinleriyle paralel g\u00f6sterimleri a\u011f\u0131rlamaktad\u0131r.<\/p>\n<p>\u0130stanbul&#8217;un \u00e7a\u011fda\u015f sanat rotas\u0131nda konumlanan Bilsart, her sergiyi sergi \u00fczerine ger\u00e7ekle\u015ftirilen sanat\u00e7\u0131 konu\u015fmas\u0131 etkinli\u011fiyle a\u00e7makta ve t\u00fcm sanat konu\u015fmalar\u0131n\u0131 Bilsart Youtube kanal\u0131nda ar\u015fivlemektedir.<\/p>\n<p>Bilsart, 2020 Eyl\u00fcl ay\u0131nda Bilsar Binas\u0131\u2019n\u0131n hemen yan\u0131ndaki yeni mekan\u0131na ta\u015f\u0131nm\u0131\u015ft\u0131r ve 15 g\u00fcnde bir de\u011fi\u015fen dinamik program\u0131na burada devam etmektedir.<\/p>\n<p><u><a href=\"https:\/\/bilsart.com\" target=\"_blank\" rel=\"noopener noreferrer\">www.bilsart.com<\/a><\/u><\/p>\n<\/div><\/div><\/div><div class=\"fusion-layout-column fusion_builder_column fusion-builder-column-2 fusion_builder_column_1_4 1_4 fusion-flex-column\" style=\"--awb-bg-size:cover;--awb-width-large:25%;--awb-margin-top-large:0px;--awb-spacing-right-large:7.68%;--awb-margin-bottom-large:20px;--awb-spacing-left-large:7.68%;--awb-width-medium:25%;--awb-order-medium:0;--awb-spacing-right-medium:7.68%;--awb-spacing-left-medium:7.68%;--awb-width-small:100%;--awb-order-small:0;--awb-spacing-right-small:1.92%;--awb-spacing-left-small:1.92%;\"><div class=\"fusion-column-wrapper fusion-column-has-shadow fusion-flex-justify-content-flex-start fusion-content-layout-column\"><\/div><\/div><\/div><\/div>\n","protected":false},"excerpt":{"rendered":"","protected":false},"author":1,"featured_media":0,"parent":0,"menu_order":0,"comment_status":"closed","ping_status":"closed","template":"","meta":{"footnotes":""},"class_list":["post-569","page","type-page","status-publish","hentry"],"yoast_head":"<!-- This site is optimized with the Yoast SEO Premium plugin v26.9 (Yoast SEO v26.9) - https:\/\/yoast.com\/product\/yoast-seo-premium-wordpress\/ -->\n<title>Bilsart - Bilsar<\/title>\n<meta name=\"description\" content=\"Bilsar, video sanat\u0131n\u0131n sergilenmesi i\u00e7in bir alan sa\u011flamak amac\u0131yla 2018 y\u0131l\u0131n\u0131n Ocak ay\u0131nda merkez binas\u0131n\u0131n garaj\u0131n\u0131 k\u00e2r amac\u0131 g\u00fctmeyen, video sanat\u0131na odaklanan bir sanat mek\u00e2n\u0131na d\u00f6n\u00fc\u015ft\u00fcrd\u00fc. 2018 y\u0131l\u0131ndan bu yana Bilsart, hem gen\u00e7 hem de deneyimli sanat\u00e7\u0131lar\u0131n \u00e7a\u011fda\u015f video sanat\u0131 \u00fcretimlerini her 15 g\u00fcnde bir de\u011fi\u015fen bir programla sunmaktad\u0131r. Bu program, her sergide tek bir i\u015f g\u00f6sterme ilkesine dayanmaktad\u0131r. Bilsart\u2019\u0131n bu alana odaklanan bir kitapl\u0131\u011f\u0131 da bulunmaktad\u0131r.\" \/>\n<meta name=\"robots\" content=\"index, follow, max-snippet:-1, max-image-preview:large, max-video-preview:-1\" \/>\n<link rel=\"canonical\" href=\"https:\/\/www.bilsar.com\/tr\/bilsart\/\" \/>\n<meta property=\"og:locale\" content=\"tr_TR\" \/>\n<meta property=\"og:type\" content=\"article\" \/>\n<meta property=\"og:title\" content=\"Bilsart\" \/>\n<meta property=\"og:description\" content=\"Bilsar, video sanat\u0131n\u0131n sergilenmesi i\u00e7in bir alan sa\u011flamak amac\u0131yla 2018 y\u0131l\u0131n\u0131n Ocak ay\u0131nda merkez binas\u0131n\u0131n garaj\u0131n\u0131 k\u00e2r amac\u0131 g\u00fctmeyen, video sanat\u0131na odaklanan bir sanat mek\u00e2n\u0131na d\u00f6n\u00fc\u015ft\u00fcrd\u00fc. 2018 y\u0131l\u0131ndan bu yana Bilsart, hem gen\u00e7 hem de deneyimli sanat\u00e7\u0131lar\u0131n \u00e7a\u011fda\u015f video sanat\u0131 \u00fcretimlerini her 15 g\u00fcnde bir de\u011fi\u015fen bir programla sunmaktad\u0131r. Bu program, her sergide tek bir i\u015f g\u00f6sterme ilkesine dayanmaktad\u0131r. Bilsart\u2019\u0131n bu alana odaklanan bir kitapl\u0131\u011f\u0131 da bulunmaktad\u0131r.\" \/>\n<meta property=\"og:url\" content=\"https:\/\/www.bilsar.com\/tr\/bilsart\/\" \/>\n<meta property=\"og:site_name\" content=\"Bilsar\" \/>\n<meta property=\"article:publisher\" content=\"https:\/\/www.facebook.com\/BilsarAs\/\" \/>\n<meta property=\"article:modified_time\" content=\"2022-01-13T13:29:23+00:00\" \/>\n<meta name=\"twitter:card\" content=\"summary_large_image\" \/>\n<meta name=\"twitter:label1\" content=\"Tahmini okuma s\u00fcresi\" \/>\n\t<meta name=\"twitter:data1\" content=\"6 dakika\" \/>\n<script type=\"application\/ld+json\" class=\"yoast-schema-graph\">{\"@context\":\"https:\/\/schema.org\",\"@graph\":[{\"@type\":\"WebPage\",\"@id\":\"https:\/\/www.bilsar.com\/tr\/bilsart\/\",\"url\":\"https:\/\/www.bilsar.com\/tr\/bilsart\/\",\"name\":\"Bilsart - Bilsar\",\"isPartOf\":{\"@id\":\"https:\/\/www.bilsar.com\/#website\"},\"datePublished\":\"2021-02-10T15:45:42+00:00\",\"dateModified\":\"2022-01-13T13:29:23+00:00\",\"description\":\"Bilsar, video sanat\u0131n\u0131n sergilenmesi i\u00e7in bir alan sa\u011flamak amac\u0131yla 2018 y\u0131l\u0131n\u0131n Ocak ay\u0131nda merkez binas\u0131n\u0131n garaj\u0131n\u0131 k\u00e2r amac\u0131 g\u00fctmeyen, video sanat\u0131na odaklanan bir sanat mek\u00e2n\u0131na d\u00f6n\u00fc\u015ft\u00fcrd\u00fc. 2018 y\u0131l\u0131ndan bu yana Bilsart, hem gen\u00e7 hem de deneyimli sanat\u00e7\u0131lar\u0131n \u00e7a\u011fda\u015f video sanat\u0131 \u00fcretimlerini her 15 g\u00fcnde bir de\u011fi\u015fen bir programla sunmaktad\u0131r. Bu program, her sergide tek bir i\u015f g\u00f6sterme ilkesine dayanmaktad\u0131r. Bilsart\u2019\u0131n bu alana odaklanan bir kitapl\u0131\u011f\u0131 da bulunmaktad\u0131r.\",\"breadcrumb\":{\"@id\":\"https:\/\/www.bilsar.com\/tr\/bilsart\/#breadcrumb\"},\"inLanguage\":\"tr\",\"potentialAction\":[{\"@type\":\"ReadAction\",\"target\":[\"https:\/\/www.bilsar.com\/tr\/bilsart\/\"]}]},{\"@type\":\"BreadcrumbList\",\"@id\":\"https:\/\/www.bilsar.com\/tr\/bilsart\/#breadcrumb\",\"itemListElement\":[{\"@type\":\"ListItem\",\"position\":1,\"name\":\"Home\",\"item\":\"https:\/\/www.bilsar.com\/tr\/\"},{\"@type\":\"ListItem\",\"position\":2,\"name\":\"Bilsart\"}]},{\"@type\":\"WebSite\",\"@id\":\"https:\/\/www.bilsar.com\/#website\",\"url\":\"https:\/\/www.bilsar.com\/\",\"name\":\"Bilsar\",\"description\":\"\",\"publisher\":{\"@id\":\"https:\/\/www.bilsar.com\/#organization\"},\"potentialAction\":[{\"@type\":\"SearchAction\",\"target\":{\"@type\":\"EntryPoint\",\"urlTemplate\":\"https:\/\/www.bilsar.com\/?s={search_term_string}\"},\"query-input\":{\"@type\":\"PropertyValueSpecification\",\"valueRequired\":true,\"valueName\":\"search_term_string\"}}],\"inLanguage\":\"tr\"},{\"@type\":\"Organization\",\"@id\":\"https:\/\/www.bilsar.com\/#organization\",\"name\":\"Bilsar\",\"url\":\"https:\/\/www.bilsar.com\/\",\"logo\":{\"@type\":\"ImageObject\",\"inLanguage\":\"tr\",\"@id\":\"https:\/\/www.bilsar.com\/#\/schema\/logo\/image\/\",\"url\":\"https:\/\/www.bilsar.com\/wp-content\/uploads\/2024\/02\/dark_logo.svg\",\"contentUrl\":\"https:\/\/www.bilsar.com\/wp-content\/uploads\/2024\/02\/dark_logo.svg\",\"width\":419,\"height\":130,\"caption\":\"Bilsar\"},\"image\":{\"@id\":\"https:\/\/www.bilsar.com\/#\/schema\/logo\/image\/\"},\"sameAs\":[\"https:\/\/www.facebook.com\/BilsarAs\/\",\"https:\/\/www.linkedin.com\/company\/bilsar\"],\"description\":\"Established in 1947, Bilsar has become one of the dynamic, pioneering and innovative names of the fashion world today, with over 70 years of gratifying experience in the textile sector. Bilsar, as a leading manufacturer and exporter of Turkey, produces more than 3 million shirts annually.\",\"email\":\"info@bilsar.com\",\"telephone\":\"+902122459000\",\"legalName\":\"Bilsar A.S.\"}]}<\/script>\n<!-- \/ Yoast SEO Premium plugin. -->","yoast_head_json":{"title":"Bilsart - Bilsar","description":"Bilsar, video sanat\u0131n\u0131n sergilenmesi i\u00e7in bir alan sa\u011flamak amac\u0131yla 2018 y\u0131l\u0131n\u0131n Ocak ay\u0131nda merkez binas\u0131n\u0131n garaj\u0131n\u0131 k\u00e2r amac\u0131 g\u00fctmeyen, video sanat\u0131na odaklanan bir sanat mek\u00e2n\u0131na d\u00f6n\u00fc\u015ft\u00fcrd\u00fc. 2018 y\u0131l\u0131ndan bu yana Bilsart, hem gen\u00e7 hem de deneyimli sanat\u00e7\u0131lar\u0131n \u00e7a\u011fda\u015f video sanat\u0131 \u00fcretimlerini her 15 g\u00fcnde bir de\u011fi\u015fen bir programla sunmaktad\u0131r. Bu program, her sergide tek bir i\u015f g\u00f6sterme ilkesine dayanmaktad\u0131r. Bilsart\u2019\u0131n bu alana odaklanan bir kitapl\u0131\u011f\u0131 da bulunmaktad\u0131r.","robots":{"index":"index","follow":"follow","max-snippet":"max-snippet:-1","max-image-preview":"max-image-preview:large","max-video-preview":"max-video-preview:-1"},"canonical":"https:\/\/www.bilsar.com\/tr\/bilsart\/","og_locale":"tr_TR","og_type":"article","og_title":"Bilsart","og_description":"Bilsar, video sanat\u0131n\u0131n sergilenmesi i\u00e7in bir alan sa\u011flamak amac\u0131yla 2018 y\u0131l\u0131n\u0131n Ocak ay\u0131nda merkez binas\u0131n\u0131n garaj\u0131n\u0131 k\u00e2r amac\u0131 g\u00fctmeyen, video sanat\u0131na odaklanan bir sanat mek\u00e2n\u0131na d\u00f6n\u00fc\u015ft\u00fcrd\u00fc. 2018 y\u0131l\u0131ndan bu yana Bilsart, hem gen\u00e7 hem de deneyimli sanat\u00e7\u0131lar\u0131n \u00e7a\u011fda\u015f video sanat\u0131 \u00fcretimlerini her 15 g\u00fcnde bir de\u011fi\u015fen bir programla sunmaktad\u0131r. Bu program, her sergide tek bir i\u015f g\u00f6sterme ilkesine dayanmaktad\u0131r. Bilsart\u2019\u0131n bu alana odaklanan bir kitapl\u0131\u011f\u0131 da bulunmaktad\u0131r.","og_url":"https:\/\/www.bilsar.com\/tr\/bilsart\/","og_site_name":"Bilsar","article_publisher":"https:\/\/www.facebook.com\/BilsarAs\/","article_modified_time":"2022-01-13T13:29:23+00:00","twitter_card":"summary_large_image","twitter_misc":{"Tahmini okuma s\u00fcresi":"6 dakika"},"schema":{"@context":"https:\/\/schema.org","@graph":[{"@type":"WebPage","@id":"https:\/\/www.bilsar.com\/tr\/bilsart\/","url":"https:\/\/www.bilsar.com\/tr\/bilsart\/","name":"Bilsart - Bilsar","isPartOf":{"@id":"https:\/\/www.bilsar.com\/#website"},"datePublished":"2021-02-10T15:45:42+00:00","dateModified":"2022-01-13T13:29:23+00:00","description":"Bilsar, video sanat\u0131n\u0131n sergilenmesi i\u00e7in bir alan sa\u011flamak amac\u0131yla 2018 y\u0131l\u0131n\u0131n Ocak ay\u0131nda merkez binas\u0131n\u0131n garaj\u0131n\u0131 k\u00e2r amac\u0131 g\u00fctmeyen, video sanat\u0131na odaklanan bir sanat mek\u00e2n\u0131na d\u00f6n\u00fc\u015ft\u00fcrd\u00fc. 2018 y\u0131l\u0131ndan bu yana Bilsart, hem gen\u00e7 hem de deneyimli sanat\u00e7\u0131lar\u0131n \u00e7a\u011fda\u015f video sanat\u0131 \u00fcretimlerini her 15 g\u00fcnde bir de\u011fi\u015fen bir programla sunmaktad\u0131r. Bu program, her sergide tek bir i\u015f g\u00f6sterme ilkesine dayanmaktad\u0131r. Bilsart\u2019\u0131n bu alana odaklanan bir kitapl\u0131\u011f\u0131 da bulunmaktad\u0131r.","breadcrumb":{"@id":"https:\/\/www.bilsar.com\/tr\/bilsart\/#breadcrumb"},"inLanguage":"tr","potentialAction":[{"@type":"ReadAction","target":["https:\/\/www.bilsar.com\/tr\/bilsart\/"]}]},{"@type":"BreadcrumbList","@id":"https:\/\/www.bilsar.com\/tr\/bilsart\/#breadcrumb","itemListElement":[{"@type":"ListItem","position":1,"name":"Home","item":"https:\/\/www.bilsar.com\/tr\/"},{"@type":"ListItem","position":2,"name":"Bilsart"}]},{"@type":"WebSite","@id":"https:\/\/www.bilsar.com\/#website","url":"https:\/\/www.bilsar.com\/","name":"Bilsar","description":"","publisher":{"@id":"https:\/\/www.bilsar.com\/#organization"},"potentialAction":[{"@type":"SearchAction","target":{"@type":"EntryPoint","urlTemplate":"https:\/\/www.bilsar.com\/?s={search_term_string}"},"query-input":{"@type":"PropertyValueSpecification","valueRequired":true,"valueName":"search_term_string"}}],"inLanguage":"tr"},{"@type":"Organization","@id":"https:\/\/www.bilsar.com\/#organization","name":"Bilsar","url":"https:\/\/www.bilsar.com\/","logo":{"@type":"ImageObject","inLanguage":"tr","@id":"https:\/\/www.bilsar.com\/#\/schema\/logo\/image\/","url":"https:\/\/www.bilsar.com\/wp-content\/uploads\/2024\/02\/dark_logo.svg","contentUrl":"https:\/\/www.bilsar.com\/wp-content\/uploads\/2024\/02\/dark_logo.svg","width":419,"height":130,"caption":"Bilsar"},"image":{"@id":"https:\/\/www.bilsar.com\/#\/schema\/logo\/image\/"},"sameAs":["https:\/\/www.facebook.com\/BilsarAs\/","https:\/\/www.linkedin.com\/company\/bilsar"],"description":"Established in 1947, Bilsar has become one of the dynamic, pioneering and innovative names of the fashion world today, with over 70 years of gratifying experience in the textile sector. Bilsar, as a leading manufacturer and exporter of Turkey, produces more than 3 million shirts annually.","email":"info@bilsar.com","telephone":"+902122459000","legalName":"Bilsar A.S."}]}},"_links":{"self":[{"href":"https:\/\/www.bilsar.com\/tr\/wp-json\/wp\/v2\/pages\/569","targetHints":{"allow":["GET"]}}],"collection":[{"href":"https:\/\/www.bilsar.com\/tr\/wp-json\/wp\/v2\/pages"}],"about":[{"href":"https:\/\/www.bilsar.com\/tr\/wp-json\/wp\/v2\/types\/page"}],"author":[{"embeddable":true,"href":"https:\/\/www.bilsar.com\/tr\/wp-json\/wp\/v2\/users\/1"}],"replies":[{"embeddable":true,"href":"https:\/\/www.bilsar.com\/tr\/wp-json\/wp\/v2\/comments?post=569"}],"version-history":[{"count":2,"href":"https:\/\/www.bilsar.com\/tr\/wp-json\/wp\/v2\/pages\/569\/revisions"}],"predecessor-version":[{"id":621,"href":"https:\/\/www.bilsar.com\/tr\/wp-json\/wp\/v2\/pages\/569\/revisions\/621"}],"wp:attachment":[{"href":"https:\/\/www.bilsar.com\/tr\/wp-json\/wp\/v2\/media?parent=569"}],"curies":[{"name":"wp","href":"https:\/\/api.w.org\/{rel}","templated":true}]}}